{"id":279,"date":"2023-04-18T12:50:21","date_gmt":"2023-04-18T12:50:21","guid":{"rendered":"http:\/\/bestarruza.eu\/?page_id=279"},"modified":"2023-10-18T16:41:09","modified_gmt":"2023-10-18T16:41:09","slug":"turismo-y-actividades","status":"publish","type":"page","link":"https:\/\/bestarruza.eu\/gl\/inicio\/turismo-y-actividades\/","title":{"rendered":"Turismo e Actividades"},"content":{"rendered":"<div data-elementor-type=\"wp-page\" data-elementor-id=\"279\" class=\"elementor elementor-279\">\n\t\t\t\t\t\t<section class=\"elementor-section elementor-top-section elementor-element elementor-element-624d616 elementor-section-boxed elementor-section-height-default elementor-section-height-default\" data-id=\"624d616\" data-element_type=\"section\">\n\t\t\t\t\t\t<div class=\"elementor-container elementor-column-gap-default\">\n\t\t\t\t\t<div class=\"elementor-column elementor-col-50 elementor-top-column elementor-element elementor-element-8d9fc03\" data-id=\"8d9fc03\" data-element_type=\"column\">\n\t\t\t<div class=\"elementor-widget-wrap elementor-element-populated\">\n\t\t\t\t\t\t<div class=\"elementor-element elementor-element-bf22bfa elementor-widget__width-initial elementor-widget elementor-widget-text-editor\" data-id=\"bf22bfa\" data-element_type=\"widget\" data-widget_type=\"text-editor.default\">\n\t\t\t\t<div class=\"elementor-widget-container\">\n\t\t\t\t\t\t\t\t\t<p><strong>Un tranquilo, alegre e hospitalario pobo de tradici\u00f3n mari\u00f1era.<\/strong><\/p><p>A vila se estira ao longo da costa e termina por alexarse de ela buscando a estrada para conectar cos n\u00facleos de poboaci\u00f3n m\u00e1is pr\u00f3ximos: Ares, Chanteiro, Redes, Fene... e Ferrol, comarca onde se asenta.<br \/>A Mugardos se chega ou ben por estrada ou ben por mar. Nos meses estivais existe a posibilidade de viaxar nunha lancha, que nun cuarto de hora escaso, salva a distancia que separa a localidade de Ferrol. Un servicio de transporte alternativo \u00e1 Real Vila de Mugardos que permite gozar dunha vista inmellorable da r\u00eda.\u00a0<\/p>\t\t\t\t\t\t\t\t<\/div>\n\t\t\t\t<\/div>\n\t\t\t\t\t<\/div>\n\t\t<\/div>\n\t\t\t\t<div class=\"elementor-column elementor-col-50 elementor-top-column elementor-element elementor-element-878d473\" data-id=\"878d473\" data-element_type=\"column\">\n\t\t\t<div class=\"elementor-widget-wrap elementor-element-populated\">\n\t\t\t\t\t\t<div class=\"elementor-element elementor-element-1d68f98 elementor-widget elementor-widget-image\" data-id=\"1d68f98\" data-element_type=\"widget\" data-widget_type=\"image.default\">\n\t\t\t\t<div class=\"elementor-widget-container\">\n\t\t\t\t\t\t\t\t\t\t\t\t\t\t\t<img fetchpriority=\"high\" decoding=\"async\" width=\"837\" height=\"558\" src=\"https:\/\/bestarruza.eu\/wp-content\/uploads\/2023\/04\/AAmado-ANTA-Mugrd032-1024x683.jpg\" class=\"attachment-large size-large wp-image-238\" alt=\"Vista del paseo, el mar de mugardos y sus botes desde un balc\u00f3n\" srcset=\"https:\/\/bestarruza.eu\/wp-content\/uploads\/2023\/04\/AAmado-ANTA-Mugrd032-1024x683.jpg 1024w, https:\/\/bestarruza.eu\/wp-content\/uploads\/2023\/04\/AAmado-ANTA-Mugrd032-scaled-600x401.jpg 600w, https:\/\/bestarruza.eu\/wp-content\/uploads\/2023\/04\/AAmado-ANTA-Mugrd032-300x200.jpg 300w, https:\/\/bestarruza.eu\/wp-content\/uploads\/2023\/04\/AAmado-ANTA-Mugrd032-768x513.jpg 768w, https:\/\/bestarruza.eu\/wp-content\/uploads\/2023\/04\/AAmado-ANTA-Mugrd032-1536x1025.jpg 1536w, https:\/\/bestarruza.eu\/wp-content\/uploads\/2023\/04\/AAmado-ANTA-Mugrd032-2048x1367.jpg 2048w\" sizes=\"(max-width: 837px) 100vw, 837px\" \/>\t\t\t\t\t\t\t\t\t\t\t\t\t\t\t<\/div>\n\t\t\t\t<\/div>\n\t\t\t\t\t<\/div>\n\t\t<\/div>\n\t\t\t\t\t<\/div>\n\t\t<\/section>\n\t\t\t\t<section class=\"elementor-section elementor-top-section elementor-element elementor-element-4a78d5d elementor-section-boxed elementor-section-height-default elementor-section-height-default\" data-id=\"4a78d5d\" data-element_type=\"section\">\n\t\t\t\t\t\t<div class=\"elementor-container elementor-column-gap-default\">\n\t\t\t\t\t<div class=\"elementor-column elementor-col-100 elementor-top-column elementor-element elementor-element-865dcdd\" data-id=\"865dcdd\" data-element_type=\"column\">\n\t\t\t<div class=\"elementor-widget-wrap elementor-element-populated\">\n\t\t\t\t\t\t<div class=\"elementor-element elementor-element-118ee0c elementor-widget elementor-widget-text-editor\" data-id=\"118ee0c\" data-element_type=\"widget\" data-widget_type=\"text-editor.default\">\n\t\t\t\t<div class=\"elementor-widget-container\">\n\t\t\t\t\t\t\t\t\t<p style=\"font-family: Raleway, 'Helvetica Neue', sans-serif; font-size: 14px; font-style: normal; margin-top: 1.1em;\"><span style=\"font-weight: bold;\">Percorre o paseo mar\u00edtimo:<\/span><\/p><p style=\"font-family: Raleway, 'Helvetica Neue', sans-serif; font-size: 14px; font-style: normal;\"><span style=\"font-family: Raleway, 'Helvetica Neue', sans-serif; font-size: 14px; font-style: normal; letter-spacing: 0px;\">Recollido entre unha hilera de antigas edificaci\u00f3ns na s\u00faa orixe destinadas a usos af\u00edns \u00e1 pesca e reconvertidas na morada dos habitantes deste fermoso pobo, se extende o s<\/span>eu paseo, que se erixe sobre a r\u00eda. Sobre o mar, ao igual que o fan os seus caracter\u00edsticos botes, boias e aves; e do mesmo modo os polvos, ameixas ou n\u00e9coras habitan baixo a s\u00faas augas.<\/p><p style=\"font-family: Raleway, 'Helvetica Neue', sans-serif; font-size: 14px; font-style: normal;\">La belleza incomparable de este pueblo marinero es sin duda imprescindible disfrutarla desde la avenida del mar, donde tomar en alguno de sus bares o restaurantes el famoso pulpo a la mugardesa.<\/p><p style=\"font-family: Raleway, 'Helvetica Neue', sans-serif; font-size: 14px; font-style: normal;\"><span style=\"font-weight: bold;\">Date un ba\u00f1o na praia da Bestarruza:<\/span><\/p><p style=\"font-family: Raleway, 'Helvetica Neue', sans-serif; font-size: 14px; font-style: normal;\">Goza da tranquila e acolledora praia de M<span style=\"font-size: 14px; letter-spacing: 0px;\">ugardos ubicada ao final do seu fermoso paseo mar\u00edtimo de losas gran\u00edticas e rebordes de pedra que lindan coas augas sereas da r\u00eda. Na outra veira do paseo vexetaci\u00f3n que se extende durante ao praia ofrecendo sombra.\u00a0<\/span><span style=\"font-size: 14px; letter-spacing: 0px;\">Una playa con acceso y duchas habilitadas.\u00a0<\/span><\/p><p style=\"font-family: Raleway, 'Helvetica Neue', sans-serif; font-size: 14px; font-style: normal;\"><span style=\"font-size: 14px; letter-spacing: 0px;\">Ideal para descansar.<\/span><\/p><p style=\"font-family: Raleway, 'Helvetica Neue', sans-serif; font-size: 14px; font-style: normal;\"><span style=\"font-weight: bold;\">Castelo de La Palma:<\/span><\/p><p style=\"font-family: Raleway, 'Helvetica Neue', sans-serif; font-size: 14px; font-style: normal;\">A r\u00eda de Ferrol estr\u00e9itase \u00e1 altura da Punta Da Redonda formando un estreito paso de menos de 600 metros de ancho. Es accidente xeogr\u00e1fico e<span style=\"font-family: Raleway, 'Helvetica Neue', sans-serif; font-size: 14px; font-style: normal; letter-spacing: 0px;\">e aproveitou<\/span><span style=\"font-size: 14px; letter-spacing: 0px;\">\u00a0para a colocaci\u00f3n de tres fortalezas co fin de impedir a entrada de buques enemigos. Unha delas \u00e9 o gran castelo de San Felipe. Ao frente se situaron a fortaleza de San Mart\u00edn e o castelo de La Palma. O primeiro deles serv\u00eda con anclaxe con San Felipe para as cadeas que pechaban a r\u00eda en caso de ataque por mar, pero actualmente del solo quedan ruinas.<\/span><\/p><p style=\"font-family: Raleway, 'Helvetica Neue', sans-serif; font-size: 14px; font-style: normal;\">O segundo \u00e9 unha construci\u00f3n militar cuxa orixe se remonta ao ano 1597, aunque un ano antes xa serv\u00edu de defensa ante o ataque da escuadra ingleza de Esex e Howard, quenes foron repelidos.<\/p><p style=\"font-family: Raleway, 'Helvetica Neue', sans-serif; font-size: 14px; font-style: normal;\">Na s\u00faa orixe funcionaba como atalaia pero no s\u00e9culo XVIII comezou a s\u00faa transformaci\u00f3n hacia un gran baluarte defensivo e estrat\u00e9xico para a defensa da r\u00eda. O seu \u00faltimo recurso antes do seu abandono foi como c\u00e1rcel para xefes militares e oficiais do ex\u00e9rcito. En 1981 acolleu como preso a Antonio Tejero Molina.<\/p><p style=\"font-family: Raleway, 'Helvetica Neue', sans-serif; font-size: 14px; font-style: normal;\">Actualmente se encontra en ruinas a pesar de que foi reparado a principios do s\u00e9culo XXI por unha cadea hosteleira. Sen embargo o uso do chan impediu a s\u00faa restauranci\u00f3n como hotel. Parece ser que na segunda d\u00e9cada se conseguiu recalificar o chan como uso residencial co que o castelo poder\u00e1 ter un futuro mellor.<\/p><p style=\"font-family: Raleway, 'Helvetica Neue', sans-serif; font-size: 14px; font-style: normal;\"><a style=\"font-size: 14px;\" href=\"https:\/\/www.galiciamaxica.eu\/galicia\/a-coruna\/castelopalma\/\">orixe do texto<\/a><\/p><p style=\"font-family: Raleway, 'Helvetica Neue', sans-serif; font-size: 14px; font-style: normal;\"><span style=\"font-weight: bold;\">Baliza do Castelo de La Palma<\/span><\/p><p style=\"font-family: Raleway, 'Helvetica Neue', sans-serif; font-size: 14px; font-style: normal;\">Este faro marcaba, xunto con de Priori\u00f1o chico, a entrada \u00e1 r\u00eda de Ferrol, e adem\u00e1is serv\u00eda para balizar unha das partes m\u00e1is estreitas da r\u00eda (600m), caracter\u00edstica que f\u00edxoa inexpugnable noutros tempos e onde se ocultaba o famoso Castelo de La Palma.<\/p><p style=\"font-family: Raleway, 'Helvetica Neue', sans-serif; font-size: 14px; font-style: normal;\"><span style=\"font-weight: bold;\">Pasa polo Cami\u00f1o Real e baixa a La Redonda:<\/span><\/p><p style=\"font-family: Raleway, 'Helvetica Neue', sans-serif; font-size: 14px; font-style: normal;\">As orixes documentadas de Mugardos datan do ano 1105, cando a metade da vila pertenc\u00eda ao monasterio de Caaveiro. Con posterioridade pasou a mans da familia Andrade e ao se\u00f1or\u00edo de Montefaro, ata que en 1805 decl\u00e1raselle libre, se lle concede escudo municipal e se declara Real Vila.<\/p><p style=\"font-family: Raleway, 'Helvetica Neue', sans-serif; font-size: 14px; font-style: normal;\">Vestixio deste pasado \u00e9 o chamado Cami\u00f1o Real de Mugardos, que hoxe pode recorrerse parcialmente unha vez pasada a praia de Bestarruza, as ruinas do Pazo da Condesa e da aldea de O Ba\u00f1o. Esta ruta pode alargarse ata o Castelo de La Palma pasando por Punta Redonda.<\/p><p style=\"font-family: Raleway, 'Helvetica Neue', sans-serif; font-size: 14px; font-style: normal;\"><span style=\"font-weight: bold;\">Visita un antigo xacemento romano:<\/span><\/p><p style=\"font-family: Raleway, 'Helvetica Neue', sans-serif; font-size: 14px; font-style: normal; margin-top: 0px; margin-bottom: 20px; line-height: 1.5; background-image: initial; background-position: initial; background-size: initial; background-repeat: initial; background-attachment: initial; background-origin: initial; background-clip: initial; outline: 0px;\">En Mugardos poder\u00e1s visitar o\u00a0<a style=\"font-size: 14px;\" href=\"https:\/\/museocaldoval.gal\/es\/\">Centro de Intrepretaci\u00f3n Caldoval<\/a>\u00a0que pone en valor o xacemento romano descuberto na ensenada da Santa Luc\u00eda. Ata agora se trata dos \u00fanicos ba\u00f1os privados con palestra descubertos en todo o noroeste peninsular. Un complexo adicado \u00e1 hixiene, \u00e1 sa\u00fade, ao ocio e probablemente tam\u00e9n \u00e1 pr\u00e1ctica deportiva. Un balnearium rural dom\u00e9stico que formaba parte da villa a mare, habitada entre o s\u00e9culo I e o V. d .C, en \u00e9poca do Imperio Romano.<\/p><p style=\"font-family: Raleway, 'Helvetica Neue', sans-serif; font-size: 14px; font-style: normal; margin-top: 0px; margin-bottom: 20px; line-height: 1.5; background-image: initial; background-position: initial; background-size: initial; background-repeat: initial; background-attachment: initial; background-origin: initial; background-clip: initial; outline: 0px;\">Existen visitas guiada e obradoiros para grupos e familias nos que poder\u00e1s descubrir como viv\u00edan e se coidaban os habitantes da Galicia Romana. Co\u00f1ecer\u00e1s como funcionaban os ba\u00f1os; cal era o uso e caracter\u00edsticas de cada unha das estancias do circuito termal; as vestimentas que levaban os ba\u00f1istas; que fac\u00edan nos seus momentos de ocio; os deportes que practicaban e a s\u00faas regras, os xogos de mesa e azar populares, e moitas outras cousas interesantes adaptadas a calquera idade e tipo de visitantes.<\/p><p style=\"margin-top: 0px; margin-bottom: 20px; line-height: 1.5; background-image: initial; background-position: initial; background-size: initial; background-repeat: initial; background-attachment: initial; background-origin: initial; background-clip: initial; outline: 0px;\">Calle Cemiterio s\/n.<\/p><p style=\"margin-top: 0px; margin-bottom: 20px; line-height: 1.5; background-image: initial; background-position: initial; background-size: initial; background-repeat: initial; background-attachment: initial; background-origin: initial; background-clip: initial; outline: 0px;\"><a href=\"http:\/\/TEL:687072116\">687072116<\/a><\/p><p style=\"margin-top: 0px; margin-bottom: 20px; line-height: 1.5; background-image: initial; background-position: initial; background-size: initial; background-repeat: initial; background-attachment: initial; background-origin: initial; background-clip: initial; outline: 0px;\"><a href=\"mailto:info@museocaldoval.gal\">info@museocaldoval.gal<\/a><\/p><p style=\"margin-top: 0px; margin-bottom: 20px; line-height: 1.5; background-image: initial; background-position: initial; background-size: initial; background-repeat: initial; background-attachment: initial; background-origin: initial; background-clip: initial; outline: 0px;\"><a href=\"http:\/\/www.museocaldoval.gal\">www.museocaldoval.gal<\/a><\/p><p style=\"font-family: Raleway, 'Helvetica Neue', sans-serif; font-size: 14px; font-style: normal; margin-top: 0px; margin-bottom: 20px; line-height: 1.5; background-image: initial; background-position: initial; background-size: initial; background-repeat: initial; background-attachment: initial; background-origin: initial; background-clip: initial; outline: 0px;\"><span style=\"font-weight: bold;\">Vila romana de Novile:<\/span><\/p><p style=\"font-family: Raleway, 'Helvetica Neue', sans-serif; font-size: 14px; font-style: normal; margin-top: 0px; margin-bottom: 20px; line-height: 1.5; background-image: initial; background-position: initial; background-size: initial; background-repeat: initial; background-attachment: initial; background-origin: initial; background-clip: initial; outline: 0px;\">Despois de visitar o Centro de Interpretaci\u00f3n da Vila Romana Caldoval en Mugardos, vos animamos a visitar as desamparadas ruinas da outra vila a mare, pr\u00f3ximas ao lugar onde apareceron as primeiras.<\/p><p style=\"font-family: Raleway, 'Helvetica Neue', sans-serif; font-size: 14px; font-style: normal; margin-top: 0px; margin-bottom: 20px; line-height: 1.5; background-image: initial; background-position: initial; background-size: initial; background-repeat: initial; background-attachment: initial; background-origin: initial; background-clip: initial; outline: 0px;\">O xacemento de Noville \u00e9 unha vila mari\u00f1eira tardo-romana entre os s\u00e9culos III e IV d. C e<span style=\"font-family: Raleway, 'Helvetica Neue', sans-serif; font-size: 14px; font-style: normal; letter-spacing: 0px;\">specialmente interesante para a s\u00faa futura posta en valor como recurso cultural polo seu bo estado de conservaci\u00f3n (a pesar do seu abandono tralo seu descubrimento en 1988-1989 ata o 202) xa que conserva\u00a0<\/span><span style=\"font-family: Raleway, 'Helvetica Neue', sans-serif; font-size: 14px; font-style: normal; letter-spacing: 0px;\">un\u00a0<\/span><span style=\"font-family: Raleway, 'Helvetica Neue', sans-serif; font-size: 14px; font-style: normal; letter-spacing: 0px;\">sistema de calefacci\u00f3n t\u00edpicamente romano, \"o hipocausto\" e\u00a0<\/span><span style=\"font-family: Raleway, 'Helvetica Neue', sans-serif; font-size: 14px; font-style: normal; letter-spacing: 0px;\">estancias con muros de m\u00e1is de metro e medio de altura.<\/span><span style=\"font-family: Raleway, 'Helvetica Neue', sans-serif; font-size: 14px; font-style: normal; letter-spacing: 0px;\">\u00a0Isto lle da una monumentalidade que non resulta habitual en xacementos destas caracter\u00edsticas.\u00a0<\/span><span style=\"font-family: Raleway, 'Helvetica Neue', sans-serif; font-size: 14px; font-style: normal; letter-spacing: 0px;\">As\u00ed mesmo, o feito de que o xacemento presente unha planta de patio aberto en forma de U, moi pouco habitual na pen\u00ednsula ib\u00e9rica e que sexa un dos poucos xacementos romanos de Galicia do que se co\u00f1ece o nome do posesor, fan de Noville un espazo dun elevado valor arqueol\u00f3xico.<\/span><\/p><p style=\"font-family: Raleway, 'Helvetica Neue', sans-serif; font-size: 14px; font-style: normal; margin-top: 0px; margin-bottom: 20px; line-height: 1.5; background-image: initial; background-position: initial; background-size: initial; background-repeat: initial; background-attachment: initial; background-origin: initial; background-clip: initial; outline: 0px;\"><a style=\"font-size: 14px; letter-spacing: 0px;\" href=\"https:\/\/galiciapuebloapueblo.blogspot.com\/2018\/08\/villa-romana-de-noville-mugardos.html\">Orixe do texto<\/a><\/p><p style=\"font-family: Raleway, 'Helvetica Neue', sans-serif; font-size: 14px; font-style: normal; margin-top: 0px; margin-bottom: 20px; line-height: 1.5; background-image: initial; background-position: initial; background-size: initial; background-repeat: initial; background-attachment: initial; background-origin: initial; background-clip: initial; outline: 0px;\">\u00a0<\/p>\t\t\t\t\t\t\t\t<\/div>\n\t\t\t\t<\/div>\n\t\t\t\t\t<\/div>\n\t\t<\/div>\n\t\t\t\t\t<\/div>\n\t\t<\/section>\n\t\t\t\t<section class=\"elementor-section elementor-top-section elementor-element elementor-element-3be5c74 elementor-section-boxed elementor-section-height-default elementor-section-height-default\" data-id=\"3be5c74\" data-element_type=\"section\">\n\t\t\t\t\t\t<div class=\"elementor-container elementor-column-gap-default\">\n\t\t\t\t\t<div class=\"elementor-column elementor-col-100 elementor-top-column elementor-element elementor-element-f7df6a9\" data-id=\"f7df6a9\" data-element_type=\"column\">\n\t\t\t<div class=\"elementor-widget-wrap elementor-element-populated\">\n\t\t\t\t\t\t<div class=\"elementor-element elementor-element-cc294ea elementor-widget elementor-widget-spacer\" data-id=\"cc294ea\" data-element_type=\"widget\" data-widget_type=\"spacer.default\">\n\t\t\t\t<div class=\"elementor-widget-container\">\n\t\t\t\t\t\t\t<div class=\"elementor-spacer\">\n\t\t\t<div class=\"elementor-spacer-inner\"><\/div>\n\t\t<\/div>\n\t\t\t\t\t\t<\/div>\n\t\t\t\t<\/div>\n\t\t\t\t\t<\/div>\n\t\t<\/div>\n\t\t\t\t\t<\/div>\n\t\t<\/section>\n\t\t\t\t<section class=\"elementor-section elementor-top-section elementor-element elementor-element-0c4b85f elementor-section-boxed elementor-section-height-default elementor-section-height-default\" data-id=\"0c4b85f\" data-element_type=\"section\">\n\t\t\t\t\t\t<div class=\"elementor-container elementor-column-gap-default\">\n\t\t\t\t\t<div class=\"elementor-column elementor-col-100 elementor-top-column elementor-element elementor-element-5736ef2\" data-id=\"5736ef2\" data-element_type=\"column\">\n\t\t\t<div class=\"elementor-widget-wrap elementor-element-populated\">\n\t\t\t\t\t\t<div class=\"elementor-element elementor-element-71d343e elementor-widget elementor-widget-heading\" data-id=\"71d343e\" data-element_type=\"widget\" data-widget_type=\"heading.default\">\n\t\t\t\t<div class=\"elementor-widget-container\">\n\t\t\t\t\t<h2 class=\"elementor-heading-title elementor-size-large\">Directorio servicios p\u00fablicos de inter\u00e9s:<\/h2>\t\t\t\t<\/div>\n\t\t\t\t<\/div>\n\t\t\t\t\t<\/div>\n\t\t<\/div>\n\t\t\t\t\t<\/div>\n\t\t<\/section>\n\t\t\t\t<section class=\"elementor-section elementor-top-section elementor-element elementor-element-f56796e elementor-section-boxed elementor-section-height-default elementor-section-height-default\" data-id=\"f56796e\" data-element_type=\"section\">\n\t\t\t\t\t\t<div class=\"elementor-container elementor-column-gap-default\">\n\t\t\t\t\t<div class=\"elementor-column elementor-col-50 elementor-top-column elementor-element elementor-element-af663c8\" data-id=\"af663c8\" data-element_type=\"column\">\n\t\t\t<div class=\"elementor-widget-wrap elementor-element-populated\">\n\t\t\t\t\t\t<div class=\"elementor-element elementor-element-5de6849 elementor-widget elementor-widget-text-editor\" data-id=\"5de6849\" data-element_type=\"widget\" data-widget_type=\"text-editor.default\">\n\t\t\t\t<div class=\"elementor-widget-container\">\n\t\t\t\t\t\t\t\t\t<p style=\"margin-bottom: 10px; text-align: justify;\"><span style=\"font-family: OpenSans, Arial, sans-serif;\"><span style=\"font-size: 14.6667px;\"><b>Oficina de Turismo de Mugardos:<\/b><\/span><\/span><\/p><p style=\"margin-bottom: 10px; text-align: justify;\"><span style=\"font-size: 14.6667px; letter-spacing: 0px;\">Avenida Mar, s\/n, 15620 Mugardos (A Coru\u00f1a)<\/span><\/p><p style=\"margin-bottom: 10px; text-align: justify;\"><span style=\"font-size: 14.6667px; letter-spacing: 0px;\"><a href=\"tel:630 885 761\">630 885 761<\/a> \/ <a href=\"tel:881 953 251\">881 953 251<\/a><\/span><\/p><p><a href=\"mailto:oit.mugardos@gmail.com\">oit.mugardos@gmail.com<\/a><\/p>\t\t\t\t\t\t\t\t<\/div>\n\t\t\t\t<\/div>\n\t\t\t\t<div class=\"elementor-element elementor-element-cdc9ed8 elementor-widget elementor-widget-text-editor\" data-id=\"cdc9ed8\" data-element_type=\"widget\" data-widget_type=\"text-editor.default\">\n\t\t\t\t<div class=\"elementor-widget-container\">\n\t\t\t\t\t\t\t\t\t<p><b>Oficina de informaci\u00f3n de Mugardos:<\/b><\/p><p>Avenida de Galicia 45, 1\u00ba piso<\/p><p><a href=\"http:\/\/TEL:981 470 290\" data-wplink-url-error=\"true\">981 470 290<\/a> (extensi\u00f3n: #2033)<\/p><p><a href=\"mailto:mar.novoa@mugardos.gal\">mar.novoa@mugardos.gal<\/a><\/p>\t\t\t\t\t\t\t\t<\/div>\n\t\t\t\t<\/div>\n\t\t\t\t<div class=\"elementor-element elementor-element-7b010f0 elementor-widget elementor-widget-text-editor\" data-id=\"7b010f0\" data-element_type=\"widget\" data-widget_type=\"text-editor.default\">\n\t\t\t\t<div class=\"elementor-widget-container\">\n\t\t\t\t\t\t\t\t\t<p><span style=\"font-size: 14px; color: var( --e-global-color-text ); letter-spacing: 0px;\"><b>Centro de Interpretaci\u00f3n Caldoval:<\/b><\/span><\/p><p><span style=\"font-family: Raleway, 'Helvetica Neue', sans-serif; font-size: 14px; font-style: normal; color: var( --e-global-color-text ); letter-spacing: 0px;\">Calle Cemiterio s\/n.<\/span><\/p><p style=\"font-family: Raleway, 'Helvetica Neue', sans-serif; font-size: 14px; font-style: normal; margin-top: 0px; margin-bottom: 20px; line-height: 1.5; background-image: initial; background-position: initial; background-size: initial; background-repeat: initial; background-attachment: initial; background-origin: initial; background-clip: initial; outline: 0px;\"><a style=\"font-size: 14px;\" href=\"http:\/\/tel:687072116\/\" data-wplink-url-error=\"true\">687072116<\/a><\/p><p style=\"font-family: Raleway, 'Helvetica Neue', sans-serif; font-size: 14px; font-style: normal; margin-top: 0px; margin-bottom: 20px; line-height: 1.5; background-image: initial; background-position: initial; background-size: initial; background-repeat: initial; background-attachment: initial; background-origin: initial; background-clip: initial; outline: 0px;\"><a style=\"font-size: 14px;\" href=\"mailto:info@museocaldoval.gal\">info@museocaldoval.gal<\/a><\/p><p style=\"font-family: Raleway, 'Helvetica Neue', sans-serif; font-size: 14px; font-style: normal; margin-top: 0px; margin-bottom: 20px; line-height: 1.5; background-image: initial; background-position: initial; background-size: initial; background-repeat: initial; background-attachment: initial; background-origin: initial; background-clip: initial; outline: 0px;\"><a style=\"font-size: 14px;\" href=\"http:\/\/www.museocaldoval.gal\/\">www.museocaldoval.gal<\/a><\/p>\t\t\t\t\t\t\t\t<\/div>\n\t\t\t\t<\/div>\n\t\t\t\t\t<\/div>\n\t\t<\/div>\n\t\t\t\t<div class=\"elementor-column elementor-col-50 elementor-top-column elementor-element elementor-element-47d7960\" data-id=\"47d7960\" data-element_type=\"column\">\n\t\t\t<div class=\"elementor-widget-wrap elementor-element-populated\">\n\t\t\t\t\t\t<div class=\"elementor-element elementor-element-0b9fe28 elementor-widget elementor-widget-text-editor\" data-id=\"0b9fe28\" data-element_type=\"widget\" data-widget_type=\"text-editor.default\">\n\t\t\t\t<div class=\"elementor-widget-container\">\n\t\t\t\t\t\t\t\t\t<p><b>Polic\u00eda Local Mugardos<\/b><\/p><p>Avenida de Galicia 45 (acceso trasero da casa do Concello)<span style=\"font-size: 14px; letter-spacing: 0px;\">, 15620, Mugardos.<\/span><\/p><p><a href=\"tel:629 416 969\">629 416 969<\/a> \/<span style=\"font-size: 14px; letter-spacing: 0px;\">\u00a0<a href=\"tel:981 470 290\">981 470 290<\/a> (extensi\u00f3n #2006)<\/span><\/p><p><a href=\"mailto:juancarlos.garcia@mugardos.gal\"><span style=\"font-size: 14px; letter-spacing: 0px;\">juancarlos.garcia@mugardos.gal<\/span><\/a><\/p>\t\t\t\t\t\t\t\t<\/div>\n\t\t\t\t<\/div>\n\t\t\t\t<div class=\"elementor-element elementor-element-1cf00f6 elementor-widget__width-initial elementor-widget elementor-widget-text-editor\" data-id=\"1cf00f6\" data-element_type=\"widget\" data-widget_type=\"text-editor.default\">\n\t\t\t\t<div class=\"elementor-widget-container\">\n\t\t\t\t\t\t\t\t\t<p><b>El Grupo de Emerxencias Supramunicipal (24h)<\/b><\/p><p>Calle do Penedo, s\/n,<span style=\"font-size: 14px; color: var( --e-global-color-text ); letter-spacing: 0px;\">\u00a015620, Mugardos.<\/span><\/p><p><a href=\"tel:649 874 383\">649 874 383<\/a> (contacto) \/ <a href=\"tel:112\">112<\/a> (emerxencias)<\/p><p><a href=\"mailto:gesmuga@gmail.com\">gesmuga@gmail.com<\/a><\/p>\t\t\t\t\t\t\t\t<\/div>\n\t\t\t\t<\/div>\n\t\t\t\t<div class=\"elementor-element elementor-element-6c7d4b3 elementor-widget elementor-widget-text-editor\" data-id=\"6c7d4b3\" data-element_type=\"widget\" data-widget_type=\"text-editor.default\">\n\t\t\t\t<div class=\"elementor-widget-container\">\n\t\t\t\t\t\t\t\t\t<p><b>Centro de Sa\u00fade de Mugardos<\/b><\/p><p><span style=\"font-size: 14px; letter-spacing: 0px;\">Calle Apel\u00f3n, 0, 15620, Mugardos (A Coru\u00f1a).<\/span><\/p><p><a href=\"tel:981 47 08 36\"><span style=\"font-size: 14px; letter-spacing: 0px;\">981 47 08 36<\/span><\/a><\/p>\t\t\t\t\t\t\t\t<\/div>\n\t\t\t\t<\/div>\n\t\t\t\t\t<\/div>\n\t\t<\/div>\n\t\t\t\t\t<\/div>\n\t\t<\/section>\n\t\t\t\t<\/div>","protected":false},"excerpt":{"rendered":"<p>Un tranquilo, alegre y hospitalario pueblo de tradici\u00f3n marinera. Pueblo que se estira a lo largo de la costa y que termina por alejarse de ella buscando la carretera para conectar con los n\u00facleos de poblacion m\u00e1s pr\u00f3ximos: Ares, Chanteiro, Redes, Fene&#8230; y Ferrol comarca donde se asienta.A Mugardos se llega o bien por carretera <a class=\"read-more\" href=\"https:\/\/bestarruza.eu\/gl\/inicio\/turismo-y-actividades\/\">READ MORE<\/a><\/p>","protected":false},"author":1,"featured_media":0,"parent":10,"menu_order":3,"comment_status":"closed","ping_status":"closed","template":"","meta":{"_monsterinsights_skip_tracking":false,"_monsterinsights_sitenote_active":false,"_monsterinsights_sitenote_note":"","_monsterinsights_sitenote_category":0,"footnotes":""},"class_list":["post-279","page","type-page","status-publish","hentry"],"aioseo_notices":[],"yoast_head":"<!-- This site is optimized with the Yoast SEO plugin v26.8 - https:\/\/yoast.com\/product\/yoast-seo-wordpress\/ -->\n<title>Turismo y Actividades - Bestarruza - Apartamentos tur\u00edsticos<\/title>\n<meta name=\"robots\" content=\"index, follow, max-snippet:-1, max-image-preview:large, max-video-preview:-1\" \/>\n<link rel=\"canonical\" href=\"https:\/\/bestarruza.eu\/gl\/inicio\/turismo-y-actividades\/\" \/>\n<meta property=\"og:locale\" content=\"gl_ES\" \/>\n<meta property=\"og:type\" content=\"article\" \/>\n<meta property=\"og:title\" content=\"Turismo y Actividades - Bestarruza - Apartamentos tur\u00edsticos\" \/>\n<meta property=\"og:description\" content=\"Un tranquilo, alegre y hospitalario pueblo de tradici\u00f3n marinera. Pueblo que se estira a lo largo de la costa y que termina por alejarse de ella buscando la carretera para conectar con los n\u00facleos de poblacion m\u00e1s pr\u00f3ximos: Ares, Chanteiro, Redes, Fene&#8230; y Ferrol comarca donde se asienta.A Mugardos se llega o bien por carretera READ MORE\" \/>\n<meta property=\"og:url\" content=\"https:\/\/bestarruza.eu\/gl\/inicio\/turismo-y-actividades\/\" \/>\n<meta property=\"og:site_name\" content=\"Bestarruza - Apartamentos tur\u00edsticos\" \/>\n<meta property=\"article:modified_time\" content=\"2023-10-18T16:41:09+00:00\" \/>\n<meta property=\"og:image\" content=\"http:\/\/bestarruza.eu\/wp-content\/uploads\/2023\/04\/AAmado-ANTA-Mugrd032-1024x683.jpg\" \/>\n<meta name=\"twitter:card\" content=\"summary_large_image\" \/>\n<meta name=\"twitter:label1\" content=\"Tempo de lectura\" \/>\n\t<meta name=\"twitter:data1\" content=\"6 minutos\" \/>\n<script type=\"application\/ld+json\" class=\"yoast-schema-graph\">{\"@context\":\"https:\/\/schema.org\",\"@graph\":[{\"@type\":\"WebPage\",\"@id\":\"https:\/\/bestarruza.eu\/inicio\/turismo-y-actividades\/\",\"url\":\"https:\/\/bestarruza.eu\/inicio\/turismo-y-actividades\/\",\"name\":\"Turismo y Actividades - Bestarruza - Apartamentos tur\u00edsticos\",\"isPartOf\":{\"@id\":\"https:\/\/bestarruza.eu\/#website\"},\"primaryImageOfPage\":{\"@id\":\"https:\/\/bestarruza.eu\/inicio\/turismo-y-actividades\/#primaryimage\"},\"image\":{\"@id\":\"https:\/\/bestarruza.eu\/inicio\/turismo-y-actividades\/#primaryimage\"},\"thumbnailUrl\":\"http:\/\/bestarruza.eu\/wp-content\/uploads\/2023\/04\/AAmado-ANTA-Mugrd032-1024x683.jpg\",\"datePublished\":\"2023-04-18T12:50:21+00:00\",\"dateModified\":\"2023-10-18T16:41:09+00:00\",\"breadcrumb\":{\"@id\":\"https:\/\/bestarruza.eu\/inicio\/turismo-y-actividades\/#breadcrumb\"},\"inLanguage\":\"gl-ES\",\"potentialAction\":[{\"@type\":\"ReadAction\",\"target\":[\"https:\/\/bestarruza.eu\/inicio\/turismo-y-actividades\/\"]}]},{\"@type\":\"ImageObject\",\"inLanguage\":\"gl-ES\",\"@id\":\"https:\/\/bestarruza.eu\/inicio\/turismo-y-actividades\/#primaryimage\",\"url\":\"http:\/\/bestarruza.eu\/wp-content\/uploads\/2023\/04\/AAmado-ANTA-Mugrd032-1024x683.jpg\",\"contentUrl\":\"http:\/\/bestarruza.eu\/wp-content\/uploads\/2023\/04\/AAmado-ANTA-Mugrd032-1024x683.jpg\"},{\"@type\":\"BreadcrumbList\",\"@id\":\"https:\/\/bestarruza.eu\/inicio\/turismo-y-actividades\/#breadcrumb\",\"itemListElement\":[{\"@type\":\"ListItem\",\"position\":1,\"name\":\"Portada\",\"item\":\"https:\/\/bestarruza.eu\/\"},{\"@type\":\"ListItem\",\"position\":2,\"name\":\"Inicio\",\"item\":\"https:\/\/bestarruza.eu\/\"},{\"@type\":\"ListItem\",\"position\":3,\"name\":\"Turismo y Actividades\"}]},{\"@type\":\"WebSite\",\"@id\":\"https:\/\/bestarruza.eu\/#website\",\"url\":\"https:\/\/bestarruza.eu\/\",\"name\":\"Bestarruza - Apartamentos tur\u00edsticos\",\"description\":\"Apartamentos tur\u00edsticos en Mugardos\",\"publisher\":{\"@id\":\"https:\/\/bestarruza.eu\/#organization\"},\"potentialAction\":[{\"@type\":\"SearchAction\",\"target\":{\"@type\":\"EntryPoint\",\"urlTemplate\":\"https:\/\/bestarruza.eu\/?s={search_term_string}\"},\"query-input\":{\"@type\":\"PropertyValueSpecification\",\"valueRequired\":true,\"valueName\":\"search_term_string\"}}],\"inLanguage\":\"gl-ES\"},{\"@type\":\"Organization\",\"@id\":\"https:\/\/bestarruza.eu\/#organization\",\"name\":\"Bestarruza - Apartamentos tur\u00edsticos\",\"url\":\"https:\/\/bestarruza.eu\/\",\"logo\":{\"@type\":\"ImageObject\",\"inLanguage\":\"gl-ES\",\"@id\":\"https:\/\/bestarruza.eu\/#\/schema\/logo\/image\/\",\"url\":\"https:\/\/bestarruza.eu\/wp-content\/uploads\/2023\/04\/Recurso-1.png\",\"contentUrl\":\"https:\/\/bestarruza.eu\/wp-content\/uploads\/2023\/04\/Recurso-1.png\",\"width\":133,\"height\":95,\"caption\":\"Bestarruza - Apartamentos tur\u00edsticos\"},\"image\":{\"@id\":\"https:\/\/bestarruza.eu\/#\/schema\/logo\/image\/\"}}]}<\/script>\n<!-- \/ Yoast SEO plugin. -->","yoast_head_json":{"title":"Turismo y Actividades - Bestarruza - Apartamentos tur\u00edsticos","robots":{"index":"index","follow":"follow","max-snippet":"max-snippet:-1","max-image-preview":"max-image-preview:large","max-video-preview":"max-video-preview:-1"},"canonical":"https:\/\/bestarruza.eu\/gl\/inicio\/turismo-y-actividades\/","og_locale":"gl_ES","og_type":"article","og_title":"Turismo y Actividades - Bestarruza - Apartamentos tur\u00edsticos","og_description":"Un tranquilo, alegre y hospitalario pueblo de tradici\u00f3n marinera. Pueblo que se estira a lo largo de la costa y que termina por alejarse de ella buscando la carretera para conectar con los n\u00facleos de poblacion m\u00e1s pr\u00f3ximos: Ares, Chanteiro, Redes, Fene&#8230; y Ferrol comarca donde se asienta.A Mugardos se llega o bien por carretera READ MORE","og_url":"https:\/\/bestarruza.eu\/gl\/inicio\/turismo-y-actividades\/","og_site_name":"Bestarruza - Apartamentos tur\u00edsticos","article_modified_time":"2023-10-18T16:41:09+00:00","og_image":[{"url":"http:\/\/bestarruza.eu\/wp-content\/uploads\/2023\/04\/AAmado-ANTA-Mugrd032-1024x683.jpg","type":"","width":"","height":""}],"twitter_card":"summary_large_image","twitter_misc":{"Tempo de lectura":"6 minutos"},"schema":{"@context":"https:\/\/schema.org","@graph":[{"@type":"WebPage","@id":"https:\/\/bestarruza.eu\/inicio\/turismo-y-actividades\/","url":"https:\/\/bestarruza.eu\/inicio\/turismo-y-actividades\/","name":"Turismo y Actividades - Bestarruza - Apartamentos tur\u00edsticos","isPartOf":{"@id":"https:\/\/bestarruza.eu\/#website"},"primaryImageOfPage":{"@id":"https:\/\/bestarruza.eu\/inicio\/turismo-y-actividades\/#primaryimage"},"image":{"@id":"https:\/\/bestarruza.eu\/inicio\/turismo-y-actividades\/#primaryimage"},"thumbnailUrl":"http:\/\/bestarruza.eu\/wp-content\/uploads\/2023\/04\/AAmado-ANTA-Mugrd032-1024x683.jpg","datePublished":"2023-04-18T12:50:21+00:00","dateModified":"2023-10-18T16:41:09+00:00","breadcrumb":{"@id":"https:\/\/bestarruza.eu\/inicio\/turismo-y-actividades\/#breadcrumb"},"inLanguage":"gl-ES","potentialAction":[{"@type":"ReadAction","target":["https:\/\/bestarruza.eu\/inicio\/turismo-y-actividades\/"]}]},{"@type":"ImageObject","inLanguage":"gl-ES","@id":"https:\/\/bestarruza.eu\/inicio\/turismo-y-actividades\/#primaryimage","url":"http:\/\/bestarruza.eu\/wp-content\/uploads\/2023\/04\/AAmado-ANTA-Mugrd032-1024x683.jpg","contentUrl":"http:\/\/bestarruza.eu\/wp-content\/uploads\/2023\/04\/AAmado-ANTA-Mugrd032-1024x683.jpg"},{"@type":"BreadcrumbList","@id":"https:\/\/bestarruza.eu\/inicio\/turismo-y-actividades\/#breadcrumb","itemListElement":[{"@type":"ListItem","position":1,"name":"Portada","item":"https:\/\/bestarruza.eu\/"},{"@type":"ListItem","position":2,"name":"Inicio","item":"https:\/\/bestarruza.eu\/"},{"@type":"ListItem","position":3,"name":"Turismo y Actividades"}]},{"@type":"WebSite","@id":"https:\/\/bestarruza.eu\/#website","url":"https:\/\/bestarruza.eu\/","name":"Bestarruza - Apartamentos tur\u00edsticos","description":"Apartamentos tur\u00edsticos en Mugardos","publisher":{"@id":"https:\/\/bestarruza.eu\/#organization"},"potentialAction":[{"@type":"SearchAction","target":{"@type":"EntryPoint","urlTemplate":"https:\/\/bestarruza.eu\/?s={search_term_string}"},"query-input":{"@type":"PropertyValueSpecification","valueRequired":true,"valueName":"search_term_string"}}],"inLanguage":"gl-ES"},{"@type":"Organization","@id":"https:\/\/bestarruza.eu\/#organization","name":"Bestarruza - Apartamentos tur\u00edsticos","url":"https:\/\/bestarruza.eu\/","logo":{"@type":"ImageObject","inLanguage":"gl-ES","@id":"https:\/\/bestarruza.eu\/#\/schema\/logo\/image\/","url":"https:\/\/bestarruza.eu\/wp-content\/uploads\/2023\/04\/Recurso-1.png","contentUrl":"https:\/\/bestarruza.eu\/wp-content\/uploads\/2023\/04\/Recurso-1.png","width":133,"height":95,"caption":"Bestarruza - Apartamentos tur\u00edsticos"},"image":{"@id":"https:\/\/bestarruza.eu\/#\/schema\/logo\/image\/"}}]}},"jetpack_sharing_enabled":true,"_links":{"self":[{"href":"https:\/\/bestarruza.eu\/gl\/wp-json\/wp\/v2\/pages\/279","targetHints":{"allow":["GET"]}}],"collection":[{"href":"https:\/\/bestarruza.eu\/gl\/wp-json\/wp\/v2\/pages"}],"about":[{"href":"https:\/\/bestarruza.eu\/gl\/wp-json\/wp\/v2\/types\/page"}],"author":[{"embeddable":true,"href":"https:\/\/bestarruza.eu\/gl\/wp-json\/wp\/v2\/users\/1"}],"replies":[{"embeddable":true,"href":"https:\/\/bestarruza.eu\/gl\/wp-json\/wp\/v2\/comments?post=279"}],"version-history":[{"count":95,"href":"https:\/\/bestarruza.eu\/gl\/wp-json\/wp\/v2\/pages\/279\/revisions"}],"predecessor-version":[{"id":1104,"href":"https:\/\/bestarruza.eu\/gl\/wp-json\/wp\/v2\/pages\/279\/revisions\/1104"}],"up":[{"embeddable":true,"href":"https:\/\/bestarruza.eu\/gl\/wp-json\/wp\/v2\/pages\/10"}],"wp:attachment":[{"href":"https:\/\/bestarruza.eu\/gl\/wp-json\/wp\/v2\/media?parent=279"}],"curies":[{"name":"wp","href":"https:\/\/api.w.org\/{rel}","templated":true}]}}